{"id":188,"date":"2020-11-07T22:24:08","date_gmt":"2020-11-07T21:24:08","guid":{"rendered":"http:\/\/circuitfrancobelge.com\/2.0\/?page_id=188"},"modified":"2025-07-24T16:36:27","modified_gmt":"2025-07-24T14:36:27","slug":"home","status":"publish","type":"page","link":"https:\/\/circuitfrancobelge.com\/","title":{"rendered":"Accueil"},"content":{"rendered":"\n<p><\/p>\n\n\n\n<figure class=\"wp-block-image aligncenter size-full\"><a href=\"https:\/\/circuitfrancobelge.com\/wp-content\/uploads\/2025\/07\/Guide-technique-CFB-2025-BD-version-finale.pdf\"><img loading=\"lazy\" decoding=\"async\" width=\"1810\" height=\"2560\" src=\"https:\/\/circuitfrancobelge.com\/wp-content\/uploads\/2025\/07\/CFB_14_07_2025-scaled.jpg\" alt=\"\" class=\"wp-image-13343\" srcset=\"https:\/\/circuitfrancobelge.com\/wp-content\/uploads\/2025\/07\/CFB_14_07_2025-scaled.jpg 1810w, https:\/\/circuitfrancobelge.com\/wp-content\/uploads\/2025\/07\/CFB_14_07_2025-212x300.jpg 212w\" sizes=\"auto, (max-width: 1810px) 100vw, 1810px\" \/><\/a><\/figure>\n\n\n\n<p><\/p>\n\n\n<div  class=\"ultp-post-grid-block wp-block-ultimate-post-post-grid-3 ultp-block-42962c\"><div class=\"ultp-block-wrapper\"><div class=\"ultp-loading\"><div class=\"ultp-loading-blocks\" style=\"width:100%;height:100%;\"><div style=\"left: 0;top: 0;animation-delay:0s;\"><\/div><div style=\"left: 21px;top: 0;animation-delay:0.125s;\"><\/div><div style=\"left: 42px;top: 0;animation-delay:0.25s;\"><\/div><div style=\"left: 0;top: 21px;animation-delay:0.875s;\"><\/div><div style=\"left: 42px;top: 21px;animation-delay:0.375s;\"><\/div><div style=\"left: 0;top: 42px;animation-delay:0.75s;\"><\/div><div style=\"left: 42px;top: 42px;animation-delay:0.625s;\"><\/div><div style=\"left: 21px;top: 42px;animation-delay:0.5s;\"><\/div><\/div><\/div><div class=\"ultp-heading-filter\"><div class=\"ultp-heading-filter-in\"><div class=\"ultp-filter-navigation\"><\/div><\/div><\/div><div class=\"ultp-block-items-wrap ultp-block-row ultp-layout1 ultp-block-column2\"><div class=\"ultp-block-item post-id-14723\"><div class=\"ultp-block-content-wrap ultp-block-content-overlay\"><div class=\"ultp-block-image ultp-block-image-roateLeft ultp-block-image-overlay ultp-block-image-flat\"><a href=\"https:\/\/circuitfrancobelge.com\/index.php\/2026\/02\/26\/nechin-18-mars-2026\/\" ><img decoding=\"async\"  alt=\"N\u00e9chin, 18 mars 2026\"  src=\"https:\/\/circuitfrancobelge.com\/wp-content\/uploads\/2026\/02\/affiche-nechin-2026-870x570.jpg\" \/><\/a><\/div><div class=\"ultp-block-content ultp-block-content-bottomPosition\"><div class=\"ultp-block-content-inner\"><div class=\"ultp-category-grid ultp-category-classic ultp-category-aboveTitle\"><div class=\"ultp-category-in\"><a class=\"ultp-cat-courses\" href=\"https:\/\/circuitfrancobelge.com\/index.php\/category\/courses\/\"  >Courses<\/a><a class=\"ultp-cat-news\" href=\"https:\/\/circuitfrancobelge.com\/index.php\/category\/news\/\"  >News<\/a><\/div><\/div><h3 class=\"ultp-block-title \"><a href=\"https:\/\/circuitfrancobelge.com\/index.php\/2026\/02\/26\/nechin-18-mars-2026\/\" >N\u00e9chin, 18 mars 2026<\/a><\/h3><div class=\"ultp-block-meta ultp-block-meta-dot ultp-block-meta-icon\"><span class=\"ultp-block-author ultp-block-meta-element\"><svg xmlns=\"http:\/\/www.w3.org\/2000\/svg\" fill=\"none\" viewBox=\"0 0 24 24\">\n  <circle cx=\"12\" cy=\"7\" r=\"4\" stroke=\"currentColor\" stroke-linejoin=\"round\" stroke-width=\"1.5\"\/>\n  <path stroke=\"currentColor\" stroke-linecap=\"round\" stroke-linejoin=\"round\" stroke-width=\"1.5\" d=\"M4 21v-3a4 4 0 0 1 4-4h8a4 4 0 0 1 4 4v3\"\/>\n<\/svg>\n<a class=\"\" href=\"javascript:void(0)\">TeamFB<\/a><\/span><span class=\"ultp-block-date ultp-block-meta-element\"><svg xmlns=\"http:\/\/www.w3.org\/2000\/svg\" fill=\"none\" viewBox=\"0 0 24 24\">\n  <path stroke=\"currentColor\" stroke-linecap=\"round\" stroke-linejoin=\"round\" stroke-width=\"1.5\" d=\"M3 5.5a2 2 0 0 1 2-2h14a2 2 0 0 1 2 2v14a2 2 0 0 1-2 2H5a2 2 0 0 1-2-2v-14ZM8 2v3m8-3v3M3 9h18\"\/>\n<\/svg>\nF\u00e9v 26, 2026<\/span><span class=\"ultp-post-read ultp-block-meta-element\"><svg xmlns=\"http:\/\/www.w3.org\/2000\/svg\" fill=\"none\" viewBox=\"0 0 24 24\">\n  <path stroke=\"currentColor\" stroke-linecap=\"round\" stroke-linejoin=\"round\" stroke-width=\"1.5\" d=\"M4 5v14a3 3 0 0 0 3 3h13V8H7a3 3 0 0 1-3-3Zm0 0a3 3 0 0 1 3-3h13M7 5h10\"\/>\n  <path stroke=\"currentColor\" stroke-linecap=\"round\" stroke-linejoin=\"round\" stroke-width=\"1.5\" d=\"M9.5 18.5v-3.092a3 3 0 0 1 .504-1.664l1.219-1.828a.934.934 0 0 1 1.554 0l1.22 1.828a3 3 0 0 1 .503 1.664V18.5m-5-2.5h5\"\/>\n<\/svg>\n1 min read<\/span><\/div><div class=\"ultp-block-excerpt\">93 partants &#8211; 61 class\u00e9s Un beau soleil mais le vent a jou\u00e9 des tours aux moins costauds du peloton. Arriv\u00e9e en solitaire de VANOVERBERHE MATHIAS, 7 secondes devant VANOVERSCHELDE KOBE et KIMBER GEORGE Vanoverschelde \u00e9galement 2e \u00e0 Templeuve mercredi dernier.<\/div><\/div><\/div><\/div><\/div><div class=\"ultp-block-item post-id-14716\"><div class=\"ultp-block-content-wrap ultp-block-content-overlay\"><div class=\"ultp-block-image ultp-block-image-roateLeft ultp-block-image-overlay ultp-block-image-flat\"><a href=\"https:\/\/circuitfrancobelge.com\/index.php\/2026\/02\/26\/templeuve-11-mars-2026\/\" ><img decoding=\"async\"  alt=\"Templeuve, 11 mars 2026\"  src=\"https:\/\/circuitfrancobelge.com\/wp-content\/uploads\/2026\/02\/affiche-templeuve-2026-600x600.jpg\" \/><\/a><\/div><div class=\"ultp-block-content ultp-block-content-bottomPosition\"><div class=\"ultp-block-content-inner\"><div class=\"ultp-category-grid ultp-category-classic ultp-category-aboveTitle\"><div class=\"ultp-category-in\"><a class=\"ultp-cat-courses\" href=\"https:\/\/circuitfrancobelge.com\/index.php\/category\/courses\/\"  >Courses<\/a><a class=\"ultp-cat-news\" href=\"https:\/\/circuitfrancobelge.com\/index.php\/category\/news\/\"  >News<\/a><\/div><\/div><h3 class=\"ultp-block-title \"><a href=\"https:\/\/circuitfrancobelge.com\/index.php\/2026\/02\/26\/templeuve-11-mars-2026\/\" >Templeuve, 11 mars 2026<\/a><\/h3><div class=\"ultp-block-meta ultp-block-meta-dot ultp-block-meta-icon\"><span class=\"ultp-block-author ultp-block-meta-element\"><svg xmlns=\"http:\/\/www.w3.org\/2000\/svg\" fill=\"none\" viewBox=\"0 0 24 24\">\n  <circle cx=\"12\" cy=\"7\" r=\"4\" stroke=\"currentColor\" stroke-linejoin=\"round\" stroke-width=\"1.5\"\/>\n  <path stroke=\"currentColor\" stroke-linecap=\"round\" stroke-linejoin=\"round\" stroke-width=\"1.5\" d=\"M4 21v-3a4 4 0 0 1 4-4h8a4 4 0 0 1 4 4v3\"\/>\n<\/svg>\n<a class=\"\" href=\"javascript:void(0)\">TeamFB<\/a><\/span><span class=\"ultp-block-date ultp-block-meta-element\"><svg xmlns=\"http:\/\/www.w3.org\/2000\/svg\" fill=\"none\" viewBox=\"0 0 24 24\">\n  <path stroke=\"currentColor\" stroke-linecap=\"round\" stroke-linejoin=\"round\" stroke-width=\"1.5\" d=\"M3 5.5a2 2 0 0 1 2-2h14a2 2 0 0 1 2 2v14a2 2 0 0 1-2 2H5a2 2 0 0 1-2-2v-14ZM8 2v3m8-3v3M3 9h18\"\/>\n<\/svg>\nF\u00e9v 26, 2026<\/span><\/div><\/div><\/div><\/div><\/div><div class=\"ultp-block-item post-id-14697\"><div class=\"ultp-block-content-wrap ultp-block-content-overlay\"><div class=\"ultp-block-image ultp-block-image-roateLeft ultp-block-image-overlay ultp-block-image-flat\"><a href=\"https:\/\/circuitfrancobelge.com\/index.php\/2025\/08\/23\/classements-de-la-84e-edition\/\" ><img decoding=\"async\"  alt=\"classements de la 84e \u00e9dition\"  src=\"https:\/\/circuitfrancobelge.com\/wp-content\/uploads\/2025\/07\/CFB_14_07_2025-scaled.jpg\" \/><\/a><\/div><div class=\"ultp-block-content ultp-block-content-bottomPosition\"><div class=\"ultp-block-content-inner\"><div class=\"ultp-category-grid ultp-category-classic ultp-category-aboveTitle\"><div class=\"ultp-category-in\"><a class=\"ultp-cat-84e-edition\" href=\"https:\/\/circuitfrancobelge.com\/index.php\/category\/84e-edition\/\"  >84e \u00e9dition<\/a><a class=\"ultp-cat-news\" href=\"https:\/\/circuitfrancobelge.com\/index.php\/category\/news\/\"  >News<\/a><\/div><\/div><h3 class=\"ultp-block-title \"><a href=\"https:\/\/circuitfrancobelge.com\/index.php\/2025\/08\/23\/classements-de-la-84e-edition\/\" >classements de la 84e \u00e9dition<\/a><\/h3><div class=\"ultp-block-meta ultp-block-meta-dot ultp-block-meta-icon\"><span class=\"ultp-block-author ultp-block-meta-element\"><svg xmlns=\"http:\/\/www.w3.org\/2000\/svg\" fill=\"none\" viewBox=\"0 0 24 24\">\n  <circle cx=\"12\" cy=\"7\" r=\"4\" stroke=\"currentColor\" stroke-linejoin=\"round\" stroke-width=\"1.5\"\/>\n  <path stroke=\"currentColor\" stroke-linecap=\"round\" stroke-linejoin=\"round\" stroke-width=\"1.5\" d=\"M4 21v-3a4 4 0 0 1 4-4h8a4 4 0 0 1 4 4v3\"\/>\n<\/svg>\n<a class=\"\" href=\"javascript:void(0)\">TeamFB<\/a><\/span><span class=\"ultp-block-date ultp-block-meta-element\"><svg xmlns=\"http:\/\/www.w3.org\/2000\/svg\" fill=\"none\" viewBox=\"0 0 24 24\">\n  <path stroke=\"currentColor\" stroke-linecap=\"round\" stroke-linejoin=\"round\" stroke-width=\"1.5\" d=\"M3 5.5a2 2 0 0 1 2-2h14a2 2 0 0 1 2 2v14a2 2 0 0 1-2 2H5a2 2 0 0 1-2-2v-14ZM8 2v3m8-3v3M3 9h18\"\/>\n<\/svg>\nAo\u00fbt 23, 2025<\/span><\/div><\/div><\/div><\/div><\/div><div class=\"ultp-block-item post-id-14694\"><div class=\"ultp-block-content-wrap ultp-block-content-overlay\"><div class=\"ultp-block-image ultp-block-image-roateLeft ultp-block-image-overlay ultp-block-image-flat\"><a href=\"https:\/\/circuitfrancobelge.com\/index.php\/2025\/08\/18\/photos-de-la-84e-edition\/\" ><img decoding=\"async\"  alt=\"Photos de la 84e \u00e9dition\"  src=\"https:\/\/circuitfrancobelge.com\/wp-content\/uploads\/2025\/08\/IMG_3369-600x600.jpg\" \/><\/a><\/div><div class=\"ultp-block-content ultp-block-content-bottomPosition\"><div class=\"ultp-block-content-inner\"><div class=\"ultp-category-grid ultp-category-classic ultp-category-aboveTitle\"><div class=\"ultp-category-in\"><a class=\"ultp-cat-84e-edition\" href=\"https:\/\/circuitfrancobelge.com\/index.php\/category\/84e-edition\/\"  >84e \u00e9dition<\/a><a class=\"ultp-cat-news\" href=\"https:\/\/circuitfrancobelge.com\/index.php\/category\/news\/\"  >News<\/a><a class=\"ultp-cat-photos\" href=\"https:\/\/circuitfrancobelge.com\/index.php\/category\/photos\/\"  >Photos<\/a><\/div><\/div><h3 class=\"ultp-block-title \"><a href=\"https:\/\/circuitfrancobelge.com\/index.php\/2025\/08\/18\/photos-de-la-84e-edition\/\" >Photos de la 84e \u00e9dition<\/a><\/h3><div class=\"ultp-block-meta ultp-block-meta-dot ultp-block-meta-icon\"><span class=\"ultp-block-author ultp-block-meta-element\"><svg xmlns=\"http:\/\/www.w3.org\/2000\/svg\" fill=\"none\" viewBox=\"0 0 24 24\">\n  <circle cx=\"12\" cy=\"7\" r=\"4\" stroke=\"currentColor\" stroke-linejoin=\"round\" stroke-width=\"1.5\"\/>\n  <path stroke=\"currentColor\" stroke-linecap=\"round\" stroke-linejoin=\"round\" stroke-width=\"1.5\" d=\"M4 21v-3a4 4 0 0 1 4-4h8a4 4 0 0 1 4 4v3\"\/>\n<\/svg>\n<a class=\"\" href=\"javascript:void(0)\">TeamFB<\/a><\/span><span class=\"ultp-block-date ultp-block-meta-element\"><svg xmlns=\"http:\/\/www.w3.org\/2000\/svg\" fill=\"none\" viewBox=\"0 0 24 24\">\n  <path stroke=\"currentColor\" stroke-linecap=\"round\" stroke-linejoin=\"round\" stroke-width=\"1.5\" d=\"M3 5.5a2 2 0 0 1 2-2h14a2 2 0 0 1 2 2v14a2 2 0 0 1-2 2H5a2 2 0 0 1-2-2v-14ZM8 2v3m8-3v3M3 9h18\"\/>\n<\/svg>\nAo\u00fbt 18, 2025<\/span><\/div><\/div><\/div><\/div><\/div><div class=\"ultp-block-item post-id-13393\"><div class=\"ultp-block-content-wrap ultp-block-content-overlay\"><div class=\"ultp-block-image ultp-block-image-roateLeft ultp-block-image-overlay ultp-block-image-flat\"><a href=\"https:\/\/circuitfrancobelge.com\/index.php\/2025\/08\/09\/photos-de-la-presentation-de-la-84e-edition\/\" ><img decoding=\"async\"  alt=\"Photos de la pr\u00e9sentation de la 84e \u00e9dition\"  src=\"https:\/\/circuitfrancobelge.com\/wp-content\/uploads\/2025\/07\/CFB_14_07_2025-scaled.jpg\" \/><\/a><\/div><div class=\"ultp-block-content ultp-block-content-bottomPosition\"><div class=\"ultp-block-content-inner\"><div class=\"ultp-category-grid ultp-category-classic ultp-category-aboveTitle\"><div class=\"ultp-category-in\"><a class=\"ultp-cat-84e-edition\" href=\"https:\/\/circuitfrancobelge.com\/index.php\/category\/84e-edition\/\"  >84e \u00e9dition<\/a><a class=\"ultp-cat-news\" href=\"https:\/\/circuitfrancobelge.com\/index.php\/category\/news\/\"  >News<\/a><\/div><\/div><h3 class=\"ultp-block-title \"><a href=\"https:\/\/circuitfrancobelge.com\/index.php\/2025\/08\/09\/photos-de-la-presentation-de-la-84e-edition\/\" >Photos de la pr\u00e9sentation de la 84e \u00e9dition<\/a><\/h3><div class=\"ultp-block-meta ultp-block-meta-dot ultp-block-meta-icon\"><span class=\"ultp-block-author ultp-block-meta-element\"><svg xmlns=\"http:\/\/www.w3.org\/2000\/svg\" fill=\"none\" viewBox=\"0 0 24 24\">\n  <circle cx=\"12\" cy=\"7\" r=\"4\" stroke=\"currentColor\" stroke-linejoin=\"round\" stroke-width=\"1.5\"\/>\n  <path stroke=\"currentColor\" stroke-linecap=\"round\" stroke-linejoin=\"round\" stroke-width=\"1.5\" d=\"M4 21v-3a4 4 0 0 1 4-4h8a4 4 0 0 1 4 4v3\"\/>\n<\/svg>\n<a class=\"\" href=\"javascript:void(0)\">TeamFB<\/a><\/span><span class=\"ultp-block-date ultp-block-meta-element\"><svg xmlns=\"http:\/\/www.w3.org\/2000\/svg\" fill=\"none\" viewBox=\"0 0 24 24\">\n  <path stroke=\"currentColor\" stroke-linecap=\"round\" stroke-linejoin=\"round\" stroke-width=\"1.5\" d=\"M3 5.5a2 2 0 0 1 2-2h14a2 2 0 0 1 2 2v14a2 2 0 0 1-2 2H5a2 2 0 0 1-2-2v-14ZM8 2v3m8-3v3M3 9h18\"\/>\n<\/svg>\nAo\u00fbt 9, 2025<\/span><\/div><\/div><\/div><\/div><\/div><div class=\"ultp-block-item post-id-13391\"><div class=\"ultp-block-content-wrap ultp-block-content-overlay\"><div class=\"ultp-block-image ultp-block-image-roateLeft ultp-block-image-overlay ultp-block-image-flat\"><a href=\"https:\/\/circuitfrancobelge.com\/index.php\/2025\/08\/09\/communique-de-presse-persbericht\/\" ><img decoding=\"async\"  alt=\"COMMUNIQUE DE PRESSE &#8211; PERSBERICHT\"  src=\"https:\/\/circuitfrancobelge.com\/wp-content\/uploads\/2025\/07\/CFB_14_07_2025-scaled.jpg\" \/><\/a><\/div><div class=\"ultp-block-content ultp-block-content-bottomPosition\"><div class=\"ultp-block-content-inner\"><div class=\"ultp-category-grid ultp-category-classic ultp-category-aboveTitle\"><div class=\"ultp-category-in\"><a class=\"ultp-cat-84e-edition\" href=\"https:\/\/circuitfrancobelge.com\/index.php\/category\/84e-edition\/\"  >84e \u00e9dition<\/a><a class=\"ultp-cat-news\" href=\"https:\/\/circuitfrancobelge.com\/index.php\/category\/news\/\"  >News<\/a><\/div><\/div><h3 class=\"ultp-block-title \"><a href=\"https:\/\/circuitfrancobelge.com\/index.php\/2025\/08\/09\/communique-de-presse-persbericht\/\" >COMMUNIQUE DE PRESSE &#8211; PERSBERICHT<\/a><\/h3><div class=\"ultp-block-meta ultp-block-meta-dot ultp-block-meta-icon\"><span class=\"ultp-block-author ultp-block-meta-element\"><svg xmlns=\"http:\/\/www.w3.org\/2000\/svg\" fill=\"none\" viewBox=\"0 0 24 24\">\n  <circle cx=\"12\" cy=\"7\" r=\"4\" stroke=\"currentColor\" stroke-linejoin=\"round\" stroke-width=\"1.5\"\/>\n  <path stroke=\"currentColor\" stroke-linecap=\"round\" stroke-linejoin=\"round\" stroke-width=\"1.5\" d=\"M4 21v-3a4 4 0 0 1 4-4h8a4 4 0 0 1 4 4v3\"\/>\n<\/svg>\n<a class=\"\" href=\"javascript:void(0)\">TeamFB<\/a><\/span><span class=\"ultp-block-date ultp-block-meta-element\"><svg xmlns=\"http:\/\/www.w3.org\/2000\/svg\" fill=\"none\" viewBox=\"0 0 24 24\">\n  <path stroke=\"currentColor\" stroke-linecap=\"round\" stroke-linejoin=\"round\" stroke-width=\"1.5\" d=\"M3 5.5a2 2 0 0 1 2-2h14a2 2 0 0 1 2 2v14a2 2 0 0 1-2 2H5a2 2 0 0 1-2-2v-14ZM8 2v3m8-3v3M3 9h18\"\/>\n<\/svg>\nAo\u00fbt 9, 2025<\/span><\/div><\/div><\/div><\/div><\/div><div class=\"ultp-block-item post-id-13352\"><div class=\"ultp-block-content-wrap ultp-block-content-overlay\"><div class=\"ultp-block-image ultp-block-image-roateLeft ultp-block-image-overlay ultp-block-image-flat\"><a href=\"https:\/\/circuitfrancobelge.com\/index.php\/2025\/08\/05\/classements-wazon-2025-u8-a-u15\/\" ><img decoding=\"async\"  alt=\"Templeuve, ducasse du Cazeau\"  src=\"https:\/\/circuitfrancobelge.com\/wp-content\/uploads\/2025\/08\/TEMPLEUVE_DUCASSE_DU_CAZEAU_2025-600x600.jpg\" \/><\/a><\/div><div class=\"ultp-block-content ultp-block-content-bottomPosition\"><div class=\"ultp-block-content-inner\"><div class=\"ultp-category-grid ultp-category-classic ultp-category-aboveTitle\"><div class=\"ultp-category-in\"><a class=\"ultp-cat-courses\" href=\"https:\/\/circuitfrancobelge.com\/index.php\/category\/courses\/\"  >Courses<\/a><a class=\"ultp-cat-news\" href=\"https:\/\/circuitfrancobelge.com\/index.php\/category\/news\/\"  >News<\/a><\/div><\/div><h3 class=\"ultp-block-title \"><a href=\"https:\/\/circuitfrancobelge.com\/index.php\/2025\/08\/05\/classements-wazon-2025-u8-a-u15\/\" >Templeuve, ducasse du Cazeau<\/a><\/h3><div class=\"ultp-block-meta ultp-block-meta-dot ultp-block-meta-icon\"><span class=\"ultp-block-author ultp-block-meta-element\"><svg xmlns=\"http:\/\/www.w3.org\/2000\/svg\" fill=\"none\" viewBox=\"0 0 24 24\">\n  <circle cx=\"12\" cy=\"7\" r=\"4\" stroke=\"currentColor\" stroke-linejoin=\"round\" stroke-width=\"1.5\"\/>\n  <path stroke=\"currentColor\" stroke-linecap=\"round\" stroke-linejoin=\"round\" stroke-width=\"1.5\" d=\"M4 21v-3a4 4 0 0 1 4-4h8a4 4 0 0 1 4 4v3\"\/>\n<\/svg>\n<a class=\"\" href=\"javascript:void(0)\">TeamFB<\/a><\/span><span class=\"ultp-block-date ultp-block-meta-element\"><svg xmlns=\"http:\/\/www.w3.org\/2000\/svg\" fill=\"none\" viewBox=\"0 0 24 24\">\n  <path stroke=\"currentColor\" stroke-linecap=\"round\" stroke-linejoin=\"round\" stroke-width=\"1.5\" d=\"M3 5.5a2 2 0 0 1 2-2h14a2 2 0 0 1 2 2v14a2 2 0 0 1-2 2H5a2 2 0 0 1-2-2v-14ZM8 2v3m8-3v3M3 9h18\"\/>\n<\/svg>\nAo\u00fbt 5, 2025<\/span><\/div><\/div><\/div><\/div><\/div><div class=\"ultp-block-item post-id-13347\"><div class=\"ultp-block-content-wrap ultp-block-content-overlay\"><div class=\"ultp-block-image ultp-block-image-roateLeft ultp-block-image-overlay ultp-block-image-flat\"><a href=\"https:\/\/circuitfrancobelge.com\/index.php\/2025\/07\/29\/liste-des-partants-provisoire-2025\/\" ><img decoding=\"async\"  alt=\"Liste des partants 2025 (correctif)\"  src=\"https:\/\/circuitfrancobelge.com\/wp-content\/uploads\/2022\/07\/news-icon.png\" \/><\/a><\/div><div class=\"ultp-block-content ultp-block-content-bottomPosition\"><div class=\"ultp-block-content-inner\"><div class=\"ultp-category-grid ultp-category-classic ultp-category-aboveTitle\"><div class=\"ultp-category-in\"><a class=\"ultp-cat-84e-edition\" href=\"https:\/\/circuitfrancobelge.com\/index.php\/category\/84e-edition\/\"  >84e \u00e9dition<\/a><a class=\"ultp-cat-news\" href=\"https:\/\/circuitfrancobelge.com\/index.php\/category\/news\/\"  >News<\/a><\/div><\/div><h3 class=\"ultp-block-title \"><a href=\"https:\/\/circuitfrancobelge.com\/index.php\/2025\/07\/29\/liste-des-partants-provisoire-2025\/\" >Liste des partants 2025 (correctif)<\/a><\/h3><div class=\"ultp-block-meta ultp-block-meta-dot ultp-block-meta-icon\"><span class=\"ultp-block-author ultp-block-meta-element\"><svg xmlns=\"http:\/\/www.w3.org\/2000\/svg\" fill=\"none\" viewBox=\"0 0 24 24\">\n  <circle cx=\"12\" cy=\"7\" r=\"4\" stroke=\"currentColor\" stroke-linejoin=\"round\" stroke-width=\"1.5\"\/>\n  <path stroke=\"currentColor\" stroke-linecap=\"round\" stroke-linejoin=\"round\" stroke-width=\"1.5\" d=\"M4 21v-3a4 4 0 0 1 4-4h8a4 4 0 0 1 4 4v3\"\/>\n<\/svg>\n<a class=\"\" href=\"javascript:void(0)\">TeamFB<\/a><\/span><span class=\"ultp-block-date ultp-block-meta-element\"><svg xmlns=\"http:\/\/www.w3.org\/2000\/svg\" fill=\"none\" viewBox=\"0 0 24 24\">\n  <path stroke=\"currentColor\" stroke-linecap=\"round\" stroke-linejoin=\"round\" stroke-width=\"1.5\" d=\"M3 5.5a2 2 0 0 1 2-2h14a2 2 0 0 1 2 2v14a2 2 0 0 1-2 2H5a2 2 0 0 1-2-2v-14ZM8 2v3m8-3v3M3 9h18\"\/>\n<\/svg>\nJuil 29, 2025<\/span><\/div><\/div><\/div><\/div><\/div><div class=\"ultp-block-item post-id-13318\"><div class=\"ultp-block-content-wrap ultp-block-content-overlay\"><div class=\"ultp-block-image ultp-block-image-roateLeft ultp-block-image-overlay ultp-block-image-flat\"><a href=\"https:\/\/circuitfrancobelge.com\/index.php\/2025\/07\/17\/equipes-2025\/\" ><img decoding=\"async\"  alt=\"Equipes 2025\"  src=\"https:\/\/circuitfrancobelge.com\/wp-content\/uploads\/2022\/07\/news-icon.png\" \/><\/a><\/div><div class=\"ultp-block-content ultp-block-content-bottomPosition\"><div class=\"ultp-block-content-inner\"><div class=\"ultp-category-grid ultp-category-classic ultp-category-aboveTitle\"><div class=\"ultp-category-in\"><a class=\"ultp-cat-84e-edition\" href=\"https:\/\/circuitfrancobelge.com\/index.php\/category\/84e-edition\/\"  >84e \u00e9dition<\/a><a class=\"ultp-cat-news\" href=\"https:\/\/circuitfrancobelge.com\/index.php\/category\/news\/\"  >News<\/a><\/div><\/div><h3 class=\"ultp-block-title \"><a href=\"https:\/\/circuitfrancobelge.com\/index.php\/2025\/07\/17\/equipes-2025\/\" >Equipes 2025<\/a><\/h3><div class=\"ultp-block-meta ultp-block-meta-dot ultp-block-meta-icon\"><span class=\"ultp-block-author ultp-block-meta-element\"><svg xmlns=\"http:\/\/www.w3.org\/2000\/svg\" fill=\"none\" viewBox=\"0 0 24 24\">\n  <circle cx=\"12\" cy=\"7\" r=\"4\" stroke=\"currentColor\" stroke-linejoin=\"round\" stroke-width=\"1.5\"\/>\n  <path stroke=\"currentColor\" stroke-linecap=\"round\" stroke-linejoin=\"round\" stroke-width=\"1.5\" d=\"M4 21v-3a4 4 0 0 1 4-4h8a4 4 0 0 1 4 4v3\"\/>\n<\/svg>\n<a class=\"\" href=\"javascript:void(0)\">TeamFB<\/a><\/span><span class=\"ultp-block-date ultp-block-meta-element\"><svg xmlns=\"http:\/\/www.w3.org\/2000\/svg\" fill=\"none\" viewBox=\"0 0 24 24\">\n  <path stroke=\"currentColor\" stroke-linecap=\"round\" stroke-linejoin=\"round\" stroke-width=\"1.5\" d=\"M3 5.5a2 2 0 0 1 2-2h14a2 2 0 0 1 2 2v14a2 2 0 0 1-2 2H5a2 2 0 0 1-2-2v-14ZM8 2v3m8-3v3M3 9h18\"\/>\n<\/svg>\nJuil 17, 2025<\/span><\/div><\/div><\/div><\/div><\/div><div class=\"ultp-block-item post-id-13307\"><div class=\"ultp-block-content-wrap ultp-block-content-overlay\"><div class=\"ultp-block-image ultp-block-image-roateLeft ultp-block-image-overlay ultp-block-image-flat\"><a href=\"https:\/\/circuitfrancobelge.com\/index.php\/2025\/06\/17\/parcours-2025\/\" ><img decoding=\"async\"  alt=\"Parcours 2025\"  src=\"https:\/\/circuitfrancobelge.com\/wp-content\/uploads\/2024\/12\/HOMEPAGE_FRANCO_BELGE-1-600x526.jpg\" \/><\/a><\/div><div class=\"ultp-block-content ultp-block-content-bottomPosition\"><div class=\"ultp-block-content-inner\"><div class=\"ultp-category-grid ultp-category-classic ultp-category-aboveTitle\"><div class=\"ultp-category-in\"><a class=\"ultp-cat-84e-edition\" href=\"https:\/\/circuitfrancobelge.com\/index.php\/category\/84e-edition\/\"  >84e \u00e9dition<\/a><a class=\"ultp-cat-news\" href=\"https:\/\/circuitfrancobelge.com\/index.php\/category\/news\/\"  >News<\/a><\/div><\/div><h3 class=\"ultp-block-title \"><a href=\"https:\/\/circuitfrancobelge.com\/index.php\/2025\/06\/17\/parcours-2025\/\" >Parcours 2025<\/a><\/h3><div class=\"ultp-block-meta ultp-block-meta-dot ultp-block-meta-icon\"><span class=\"ultp-block-author ultp-block-meta-element\"><svg xmlns=\"http:\/\/www.w3.org\/2000\/svg\" fill=\"none\" viewBox=\"0 0 24 24\">\n  <circle cx=\"12\" cy=\"7\" r=\"4\" stroke=\"currentColor\" stroke-linejoin=\"round\" stroke-width=\"1.5\"\/>\n  <path stroke=\"currentColor\" stroke-linecap=\"round\" stroke-linejoin=\"round\" stroke-width=\"1.5\" d=\"M4 21v-3a4 4 0 0 1 4-4h8a4 4 0 0 1 4 4v3\"\/>\n<\/svg>\n<a class=\"\" href=\"javascript:void(0)\">TeamFB<\/a><\/span><span class=\"ultp-block-date ultp-block-meta-element\"><svg xmlns=\"http:\/\/www.w3.org\/2000\/svg\" fill=\"none\" viewBox=\"0 0 24 24\">\n  <path stroke=\"currentColor\" stroke-linecap=\"round\" stroke-linejoin=\"round\" stroke-width=\"1.5\" d=\"M3 5.5a2 2 0 0 1 2-2h14a2 2 0 0 1 2 2v14a2 2 0 0 1-2 2H5a2 2 0 0 1-2-2v-14ZM8 2v3m8-3v3M3 9h18\"\/>\n<\/svg>\nJuin 17, 2025<\/span><\/div><\/div><\/div><\/div><\/div><\/div><div class=\"ultp-loadmore\"><span class=\"ultp-loadmore-action\" tabindex=\"0\" role=\"button\" data-pages=\"4\" data-pagenum=\"1\"  data-expost=\"\" data-blockid=\"42962c\" data-blockname=\"ultimate-post_post-grid-3\" data-postid=\"188\" data-selfpostid=\"yes\">Charger plus <span class=\"ultp-spin\"><svg xmlns=\"http:\/\/www.w3.org\/2000\/svg\" fill=\"none\" viewBox=\"0 0 24 24\">\n  <path stroke=\"currentColor\" stroke-linecap=\"round\" stroke-linejoin=\"round\" stroke-width=\"1.5\" d=\"M21 12a9 9 0 0 1-17 4.127M3 12a9 9 0 0 1 17-4.127M20 3v5h-5M4 21v-5h5\"\/>\n<\/svg>\n<\/span><\/span><\/div><\/div><div class=\"pagination-block-html\" aria-hidden=\"true\" style=\"display: none;\"><\/div><\/div>\n\n\n<p><\/p>\n","protected":false},"excerpt":{"rendered":"","protected":false},"author":1,"featured_media":0,"parent":0,"menu_order":1,"comment_status":"closed","ping_status":"closed","template":"","meta":{"site-sidebar-layout":"default","site-content-layout":"default","ast-global-header-display":"","ast-main-header-display":"","ast-hfb-above-header-display":"","ast-hfb-below-header-display":"","ast-hfb-mobile-header-display":"","site-post-title":"","ast-breadcrumbs-content":"","ast-featured-img":"","footer-sml-layout":"","theme-transparent-header-meta":"","adv-header-id-meta":"","stick-header-meta":"","header-above-stick-meta":"","header-main-stick-meta":"","header-below-stick-meta":"","pgc_sgb_lightbox_settings":"","footnotes":""},"class_list":["post-188","page","type-page","status-publish","hentry"],"_links":{"self":[{"href":"https:\/\/circuitfrancobelge.com\/index.php\/wp-json\/wp\/v2\/pages\/188","targetHints":{"allow":["GET"]}}],"collection":[{"href":"https:\/\/circuitfrancobelge.com\/index.php\/wp-json\/wp\/v2\/pages"}],"about":[{"href":"https:\/\/circuitfrancobelge.com\/index.php\/wp-json\/wp\/v2\/types\/page"}],"author":[{"embeddable":true,"href":"https:\/\/circuitfrancobelge.com\/index.php\/wp-json\/wp\/v2\/users\/1"}],"replies":[{"embeddable":true,"href":"https:\/\/circuitfrancobelge.com\/index.php\/wp-json\/wp\/v2\/comments?post=188"}],"version-history":[{"count":322,"href":"https:\/\/circuitfrancobelge.com\/index.php\/wp-json\/wp\/v2\/pages\/188\/revisions"}],"predecessor-version":[{"id":13345,"href":"https:\/\/circuitfrancobelge.com\/index.php\/wp-json\/wp\/v2\/pages\/188\/revisions\/13345"}],"wp:attachment":[{"href":"https:\/\/circuitfrancobelge.com\/index.php\/wp-json\/wp\/v2\/media?parent=188"}],"curies":[{"name":"wp","href":"https:\/\/api.w.org\/{rel}","templated":true}]}}